{"id":3650,"date":"2025-07-31T11:05:47","date_gmt":"2025-07-31T11:05:47","guid":{"rendered":"https:\/\/weissmarie.com\/?post_type=jetpack-portfolio&#038;p=3650"},"modified":"2025-08-04T11:10:14","modified_gmt":"2025-08-04T11:10:14","slug":"juhlakattaus-stromforsin-ruukissa-taidekortteli-10-vuotta","status":"publish","type":"jetpack-portfolio","link":"https:\/\/weissmarie.com\/index.php\/portfolio\/juhlakattaus-stromforsin-ruukissa-taidekortteli-10-vuotta\/","title":{"rendered":"\u201cJuhlakattaus\u201d Str\u00f6mforsin ruukissa \u2013 Taidekortteli 10 vuotta!"},"content":{"rendered":"\n<figure class=\"wp-block-image size-full\"><img loading=\"lazy\" decoding=\"async\" width=\"820\" height=\"820\" src=\"https:\/\/i0.wp.com\/weissmarie.com\/wp-content\/uploads\/2025\/08\/juliste.jpg?resize=820%2C820&#038;ssl=1\" alt=\"\" class=\"wp-image-3651\" srcset=\"https:\/\/i0.wp.com\/weissmarie.com\/wp-content\/uploads\/2025\/08\/juliste.jpg?w=1080&amp;ssl=1 1080w, https:\/\/i0.wp.com\/weissmarie.com\/wp-content\/uploads\/2025\/08\/juliste.jpg?resize=300%2C300&amp;ssl=1 300w, https:\/\/i0.wp.com\/weissmarie.com\/wp-content\/uploads\/2025\/08\/juliste.jpg?resize=1024%2C1024&amp;ssl=1 1024w, https:\/\/i0.wp.com\/weissmarie.com\/wp-content\/uploads\/2025\/08\/juliste.jpg?resize=150%2C150&amp;ssl=1 150w, https:\/\/i0.wp.com\/weissmarie.com\/wp-content\/uploads\/2025\/08\/juliste.jpg?resize=768%2C768&amp;ssl=1 768w, https:\/\/i0.wp.com\/weissmarie.com\/wp-content\/uploads\/2025\/08\/juliste.jpg?resize=720%2C720&amp;ssl=1 720w, https:\/\/i0.wp.com\/weissmarie.com\/wp-content\/uploads\/2025\/08\/juliste.jpg?resize=820%2C820&amp;ssl=1 820w, https:\/\/i0.wp.com\/weissmarie.com\/wp-content\/uploads\/2025\/08\/juliste.jpg?resize=50%2C50&amp;ssl=1 50w\" sizes=\"auto, (max-width: 820px) 100vw, 820px\" data-recalc-dims=\"1\" \/><\/figure>\n\n\n\n<h2 class=\"wp-block-heading\">Tervetuloa Juhlakattaus -n\u00e4yttelyn avajaisiin perjantaina 1.8.2025 klo 18!<\/h2>\n\n\n\n<p>Taidekortteli ry juhlistaa kymmenvuotista taivaltaan n\u00e4ytt\u00e4v\u00e4ll\u00e4 yhteisn\u00e4yttelyll\u00e4. Juhlakattaus kokoaa yhteen 35 taiteilijan teoksia ja esittelee Roihupellon pienteollisuusalueella It\u00e4-Helsingiss\u00e4 toimivan taiteilijayhteis\u00f6n monimuotoisuutta ja luovuutta.<\/p>\n\n\n\n<p>Vuonna 2015 perustettu Taidekortteli ry sai alkunsa taiteilijoiden halusta verkostoitua ja tuoda yhdess\u00e4 esiin alueen taidetta. Kymmeness\u00e4 vuodessa Roihupellosta on kasvanut el\u00e4v\u00e4 ja kasvava taidekeskittym\u00e4, jossa ty\u00f6skentelee eri alojen taiteilijoita maalareista valotaiteilijoihin.<\/p>\n\n\n\n<p>Juhlakattaus on Taidekorttelin seitsem\u00e4s suurn\u00e4yttely \u2013 t\u00e4h\u00e4n menness\u00e4 laajin ja monipuolisin.N\u00e4yttelypaikka:&nbsp;Str\u00f6mfors Art taidegalleria, Ruukintie 10 F, Ruotsinpyht\u00e4\u00e4<\/p>\n\n\n\n<p>Avajaiset: perjantaina 1.8. klo 18.00<\/p>\n\n\n\n<p><strong>Avoinna 1.8.\u201331.8.2025 joka p\u00e4iv\u00e4 klo 10\u201317\u00a0\u00a0<\/strong><\/p>\n\n\n\n<p><\/p>\n","protected":false},"excerpt":{"rendered":"<p>Tervetuloa Juhlakattaus -n\u00e4yttelyn avajaisiin perjantaina 1.8.2025 klo 18! Taidekortteli ry juhlistaa kymmenvuotista taivaltaan n\u00e4ytt\u00e4v\u00e4ll\u00e4 yhteisn\u00e4yttelyll\u00e4. Juhlakattaus kokoaa yhteen 35 taiteilijan [&hellip;]<\/p>\n","protected":false},"author":1,"featured_media":3651,"comment_status":"closed","ping_status":"closed","template":"post-templates\/post_nosidebar.php","format":"standard","meta":{"footnotes":""},"jetpack-portfolio-type":[10],"jetpack-portfolio-tag":[],"class_list":["post-3650","jetpack-portfolio","type-jetpack-portfolio","status-publish","format-standard","has-post-thumbnail","hentry","jetpack-portfolio-type-fine-art-prints","clearfix"],"_links":{"self":[{"href":"https:\/\/weissmarie.com\/index.php\/wp-json\/wp\/v2\/jetpack-portfolio\/3650","targetHints":{"allow":["GET"]}}],"collection":[{"href":"https:\/\/weissmarie.com\/index.php\/wp-json\/wp\/v2\/jetpack-portfolio"}],"about":[{"href":"https:\/\/weissmarie.com\/index.php\/wp-json\/wp\/v2\/types\/jetpack-portfolio"}],"author":[{"embeddable":true,"href":"https:\/\/weissmarie.com\/index.php\/wp-json\/wp\/v2\/users\/1"}],"replies":[{"embeddable":true,"href":"https:\/\/weissmarie.com\/index.php\/wp-json\/wp\/v2\/comments?post=3650"}],"version-history":[{"count":1,"href":"https:\/\/weissmarie.com\/index.php\/wp-json\/wp\/v2\/jetpack-portfolio\/3650\/revisions"}],"predecessor-version":[{"id":3652,"href":"https:\/\/weissmarie.com\/index.php\/wp-json\/wp\/v2\/jetpack-portfolio\/3650\/revisions\/3652"}],"wp:featuredmedia":[{"embeddable":true,"href":"https:\/\/weissmarie.com\/index.php\/wp-json\/wp\/v2\/media\/3651"}],"wp:attachment":[{"href":"https:\/\/weissmarie.com\/index.php\/wp-json\/wp\/v2\/media?parent=3650"}],"wp:term":[{"taxonomy":"jetpack-portfolio-type","embeddable":true,"href":"https:\/\/weissmarie.com\/index.php\/wp-json\/wp\/v2\/jetpack-portfolio-type?post=3650"},{"taxonomy":"jetpack-portfolio-tag","embeddable":true,"href":"https:\/\/weissmarie.com\/index.php\/wp-json\/wp\/v2\/jetpack-portfolio-tag?post=3650"}],"curies":[{"name":"wp","href":"https:\/\/api.w.org\/{rel}","templated":true}]}}